{"id":75,"date":"2014-07-10T15:49:45","date_gmt":"2014-07-10T19:49:45","guid":{"rendered":"http:\/\/immortels.ca\/wordpress\/?page_id=75"},"modified":"2015-01-13T15:40:04","modified_gmt":"2015-01-13T20:40:04","slug":"traiter-des-negatifs-couleur","status":"publish","type":"page","link":"http:\/\/immortels.ca\/wordpress\/organiser-vos-documents\/traiter-des-negatifs-couleur\/","title":{"rendered":"N\u00e9gatifs couleur"},"content":{"rendered":"<div class=\"entry\" style=\"color: #757e82;\">\n<p>Voici les principaux types de n\u00e9gatifs couleur les plus courants au milieu du 20e si\u00e8cle :<\/p>\n<ul>\n<li>Des films n\u00e9gatifs de 24 ou 36 vues de 24&#215;36 mm. Ces films (format 135) ont 35mm de large. Ces n\u00e9gatifs sont g\u00e9n\u00e9ralement d\u00e9coup\u00e9s en sections de 4 \u00e0 6 clich\u00e9s.<\/li>\n<\/ul>\n<figure id=\"attachment_25\" aria-describedby=\"caption-attachment-25\" style=\"width: 564px\" class=\"wp-caption alignnone\"><a href=\"http:\/\/immortels.ca\/wordpress\/wp-content\/uploads\/2014\/07\/DSC_0403.jpg\"><img loading=\"lazy\" class=\"wp-image-25 size-full\" src=\"http:\/\/immortels.ca\/wordpress\/wp-content\/uploads\/2014\/07\/DSC_0403.jpg\" alt=\"DSC_0403\" width=\"564\" height=\"574\" srcset=\"http:\/\/immortels.ca\/wordpress\/wp-content\/uploads\/2014\/07\/DSC_0403.jpg 564w, http:\/\/immortels.ca\/wordpress\/wp-content\/uploads\/2014\/07\/DSC_0403-294x300.jpg 294w\" sizes=\"(max-width: 564px) 100vw, 564px\" \/><\/a><figcaption id=\"caption-attachment-25\" class=\"wp-caption-text\">Classeur de films n\u00e9gatifs<\/figcaption><\/figure>\n<ul>\n<ul>\n<li>\u00a0Des films n\u00e9gatifs en cartouche APS (Advanced Photo System). Le n\u00e9gatif, une fois d\u00e9velopp\u00e9, reste dans sa cartouche d\u2019origine. Pour capturer les clich\u00e9s, il faut utiliser un d\u00e9rouleur\/enrouleur automatique comme celui ci-dessous mont\u00e9 sur un num\u00e9riseur de film Nikon.<\/li>\n<\/ul>\n<\/ul>\n<figure id=\"attachment_184\" aria-describedby=\"caption-attachment-184\" style=\"width: 564px\" class=\"wp-caption alignnone\"><a href=\"http:\/\/immortels.ca\/wordpress\/wp-content\/uploads\/2014\/07\/DSC_0416mixroll.jpg\"><img loading=\"lazy\" class=\"wp-image-184 size-full\" src=\"http:\/\/immortels.ca\/wordpress\/wp-content\/uploads\/2014\/07\/DSC_0416mixroll.jpg\" alt=\"DSC_0416mixroll\" width=\"564\" height=\"334\" srcset=\"http:\/\/immortels.ca\/wordpress\/wp-content\/uploads\/2014\/07\/DSC_0416mixroll.jpg 564w, http:\/\/immortels.ca\/wordpress\/wp-content\/uploads\/2014\/07\/DSC_0416mixroll-300x177.jpg 300w\" sizes=\"(max-width: 564px) 100vw, 564px\" \/><\/a><figcaption id=\"caption-attachment-184\" class=\"wp-caption-text\">Num\u00e9risation, format APS<\/figcaption><\/figure>\n<ul>\n<li>Ces films ont seulement 24mm de large et les n\u00e9gatifs ont normalement des clich\u00e9s de 30,2mm x 16,7mm.<\/li>\n<\/ul>\n<p>Dans les ann\u00e9es cinquante, on a vu appara\u00eetre des n\u00e9gatifs couleur au format 120 (6x9cm).<\/p>\n<p>D\u2019autres formats ont aussi \u00e9t\u00e9 utilis\u00e9s, par exemple des formats carr\u00e9s 6&#215;6 et sur film 35mm.<\/p>\n<p>Les d\u00e9fauts courants de ces n\u00e9gatifs couleur sont relativement faciles \u00e0 corriger automatiquement car les num\u00e9riseurs de films couleur transparents (diapositives et n\u00e9gatifs) disposent d\u2019une arme assez extraordinaire\u00a0: les rayons infrarouge! Au lieu de lire seulement les trois couleurs habituelles, les num\u00e9riseurs de type \u00abDigital ICE\u00bb (<em>Image\u00a0<em>Correction<\/em>\u00a0and Enhancement<\/em><em>)<\/em>\u00a0en lisent en fait quatre. La quatri\u00e8me couleur est l\u2019infrarouge (IR). Alors que les colorants utilis\u00e9s dans les films transparents laissent passer l\u2019infrarouge, les d\u00e9fauts de surface (rayures, poussi\u00e8res) bloquent les rayons infrarouges. Le logiciel du num\u00e9riseur est alors capable de filtrer ces d\u00e9fauts et de remplacer les pixels d\u00e9fectueux par les couleurs probables. Lorsque l\u2019\u00e9quipement et les colorants du n\u00e9gatif le permettent, l\u2019effet du Digital ICE est litt\u00e9ralement \u00abmagique\u00bb.<\/p>\n<p><a href=\"http:\/\/immortels.ca\/wordpress\/wp-content\/uploads\/2014\/07\/DI-image_correction.jpg\"><img loading=\"lazy\" class=\"alignnone size-full wp-image-89\" src=\"http:\/\/immortels.ca\/wordpress\/wp-content\/uploads\/2014\/07\/DI-image_correction.jpg\" alt=\"DI-image_correction\" width=\"564\" height=\"215\" srcset=\"http:\/\/immortels.ca\/wordpress\/wp-content\/uploads\/2014\/07\/DI-image_correction.jpg 564w, http:\/\/immortels.ca\/wordpress\/wp-content\/uploads\/2014\/07\/DI-image_correction-300x114.jpg 300w\" sizes=\"(max-width: 564px) 100vw, 564px\" \/><\/a><\/p>\n<ul>\n<li><span style=\"font-weight: bold;\">\u00a0Flou<\/span>\u00a0: malheureusement un n\u00e9gatif couleur <span style=\"font-weight: bold;\">flou<\/span>\u00a0\u00e9tait assez rarement exploitable mais les choses ont chang\u00e9es en 2012. S&rsquo;il s&rsquo;agit d&rsquo;un \u00ab\u00a0boug\u00e9\u00a0\u00bb pendant la prise de vue, il est maintenant envisageable de corriger partiellement ce d\u00e9faut. \u00a0S&rsquo;il s&rsquo;agit d&rsquo;un clich\u00e9 pris hors focus, l\u00e0 aussi tout espoir n&rsquo;est pas perdu : il est maintenant possible d&rsquo;am\u00e9liorer la qualit\u00e9 du clich\u00e9 (on appelle cela du \u00ab\u00a0<em>debluring<\/em>\u00ab\u00a0).<\/li>\n<li>Clich\u00e9 presque<strong> transparent<\/strong>\u00a0: possibilit\u00e9 de r\u00e9cup\u00e9rer une image acceptable<\/li>\n<li>Clich\u00e9 presque compl\u00e8tement <strong>opaque<\/strong>\u00a0: possibilit\u00e9 de r\u00e9cup\u00e9rer une image acceptable<\/li>\n<li><strong>Rayures<\/strong>\u00a0: am\u00e9lioration tr\u00e8s probable<\/li>\n<li><strong>Poussi\u00e8res<\/strong>\u00a0: am\u00e9lioration tr\u00e8s probable.<\/li>\n<\/ul>\n<h5>Immortels.ca est \u00e0 votre disposition pour faire la restauration de vos films n\u00e9gatifs couleur<\/h5>\n<p><a href=\"http:\/\/immortels.ca\/wordpress\/?page_id=79\">Prochain onglet: Diapositives couleur<\/a><\/p>\n<\/div>\n","protected":false},"excerpt":{"rendered":"<p>Voici les principaux types de n\u00e9gatifs couleur les plus courants au milieu du 20e si\u00e8cle : Des films n\u00e9gatifs de 24 ou 36 vues de 24&#215;36 mm. Ces films (format 135) ont 35mm de large. Ces n\u00e9gatifs sont g\u00e9n\u00e9ralement d\u00e9coup\u00e9s en sections de 4 \u00e0 6 clich\u00e9s. \u00a0Des films n\u00e9gatifs en cartouche APS (Advanced Photo &hellip; <a href=\"http:\/\/immortels.ca\/wordpress\/organiser-vos-documents\/traiter-des-negatifs-couleur\/\" class=\"more-link\">Continuer la lecture de <span class=\"screen-reader-text\">N\u00e9gatifs couleur<\/span>  <span class=\"meta-nav\">&rarr;<\/span><\/a><\/p>\n","protected":false},"author":3,"featured_media":0,"parent":134,"menu_order":104,"comment_status":"closed","ping_status":"closed","template":"","meta":{"spay_email":""},"yoast_head":"<!-- This site is optimized with the Yoast SEO plugin v15.0 - https:\/\/yoast.com\/wordpress\/plugins\/seo\/ -->\n<meta name=\"robots\" content=\"index, follow, max-snippet:-1, max-image-preview:large, max-video-preview:-1\" \/>\n<link rel=\"canonical\" href=\"http:\/\/immortels.ca\/wordpress\/organiser-vos-documents\/traiter-des-negatifs-couleur\/\" \/>\n<meta property=\"og:locale\" content=\"fr_FR\" \/>\n<meta property=\"og:type\" content=\"article\" \/>\n<meta property=\"og:title\" content=\"N\u00e9gatifs couleur - Immortels\" \/>\n<meta property=\"og:description\" content=\"Voici les principaux types de n\u00e9gatifs couleur les plus courants au milieu du 20e si\u00e8cle : Des films n\u00e9gatifs de 24 ou 36 vues de 24&#215;36 mm. Ces films (format 135) ont 35mm de large. Ces n\u00e9gatifs sont g\u00e9n\u00e9ralement d\u00e9coup\u00e9s en sections de 4 \u00e0 6 clich\u00e9s. \u00a0Des films n\u00e9gatifs en cartouche APS (Advanced Photo &hellip; Continuer la lecture de N\u00e9gatifs couleur &rarr;\" \/>\n<meta property=\"og:url\" content=\"http:\/\/immortels.ca\/wordpress\/organiser-vos-documents\/traiter-des-negatifs-couleur\/\" \/>\n<meta property=\"og:site_name\" content=\"Immortels\" \/>\n<meta property=\"article:publisher\" content=\"https:\/\/www.facebook.com\/immortels.ca\/\" \/>\n<meta property=\"article:modified_time\" content=\"2015-01-13T20:40:04+00:00\" \/>\n<meta property=\"og:image\" content=\"http:\/\/immortels.ca\/wordpress\/wp-content\/uploads\/2014\/07\/DSC_0403.jpg\" \/>\n<meta name=\"twitter:card\" content=\"summary_large_image\" \/>\n<script type=\"application\/ld+json\" class=\"yoast-schema-graph\">{\"@context\":\"https:\/\/schema.org\",\"@graph\":[{\"@type\":\"Organization\",\"@id\":\"http:\/\/immortels.ca\/wordpress\/#organization\",\"name\":\"Immortels.ca\",\"url\":\"http:\/\/immortels.ca\/wordpress\/\",\"sameAs\":[\"https:\/\/www.facebook.com\/immortels.ca\/\",\"https:\/\/www.youtube.com\/channel\/UC7Z1MrpTYIwCNWYmSF9JMzA\"],\"logo\":{\"@type\":\"ImageObject\",\"@id\":\"http:\/\/immortels.ca\/wordpress\/#logo\",\"inLanguage\":\"fr-FR\",\"url\":\"http:\/\/immortels.ca\/wordpress\/wp-content\/uploads\/2014\/10\/logo-immortels.ca_.jpg\",\"width\":540,\"height\":533,\"caption\":\"Immortels.ca\"},\"image\":{\"@id\":\"http:\/\/immortels.ca\/wordpress\/#logo\"}},{\"@type\":\"WebSite\",\"@id\":\"http:\/\/immortels.ca\/wordpress\/#website\",\"url\":\"http:\/\/immortels.ca\/wordpress\/\",\"name\":\"Immortels\",\"description\":\"On a tous une histoire \\u00e0 raconter\",\"publisher\":{\"@id\":\"http:\/\/immortels.ca\/wordpress\/#organization\"},\"potentialAction\":[{\"@type\":\"SearchAction\",\"target\":\"http:\/\/immortels.ca\/wordpress\/?s={search_term_string}\",\"query-input\":\"required name=search_term_string\"}],\"inLanguage\":\"fr-FR\"},{\"@type\":\"ImageObject\",\"@id\":\"http:\/\/immortels.ca\/wordpress\/organiser-vos-documents\/traiter-des-negatifs-couleur\/#primaryimage\",\"inLanguage\":\"fr-FR\",\"url\":\"http:\/\/immortels.ca\/wordpress\/wp-content\/uploads\/2014\/07\/DSC_0403.jpg\",\"width\":564,\"height\":574},{\"@type\":\"WebPage\",\"@id\":\"http:\/\/immortels.ca\/wordpress\/organiser-vos-documents\/traiter-des-negatifs-couleur\/#webpage\",\"url\":\"http:\/\/immortels.ca\/wordpress\/organiser-vos-documents\/traiter-des-negatifs-couleur\/\",\"name\":\"N\\u00e9gatifs couleur - Immortels\",\"isPartOf\":{\"@id\":\"http:\/\/immortels.ca\/wordpress\/#website\"},\"primaryImageOfPage\":{\"@id\":\"http:\/\/immortels.ca\/wordpress\/organiser-vos-documents\/traiter-des-negatifs-couleur\/#primaryimage\"},\"datePublished\":\"2014-07-10T19:49:45+00:00\",\"dateModified\":\"2015-01-13T20:40:04+00:00\",\"inLanguage\":\"fr-FR\",\"potentialAction\":[{\"@type\":\"ReadAction\",\"target\":[\"http:\/\/immortels.ca\/wordpress\/organiser-vos-documents\/traiter-des-negatifs-couleur\/\"]}]}]}<\/script>\n<!-- \/ Yoast SEO plugin. -->","jetpack_sharing_enabled":true,"jetpack_shortlink":"https:\/\/wp.me\/P5QWQr-1d","_links":{"self":[{"href":"http:\/\/immortels.ca\/wordpress\/wp-json\/wp\/v2\/pages\/75"}],"collection":[{"href":"http:\/\/immortels.ca\/wordpress\/wp-json\/wp\/v2\/pages"}],"about":[{"href":"http:\/\/immortels.ca\/wordpress\/wp-json\/wp\/v2\/types\/page"}],"author":[{"embeddable":true,"href":"http:\/\/immortels.ca\/wordpress\/wp-json\/wp\/v2\/users\/3"}],"replies":[{"embeddable":true,"href":"http:\/\/immortels.ca\/wordpress\/wp-json\/wp\/v2\/comments?post=75"}],"version-history":[{"count":14,"href":"http:\/\/immortels.ca\/wordpress\/wp-json\/wp\/v2\/pages\/75\/revisions"}],"predecessor-version":[{"id":659,"href":"http:\/\/immortels.ca\/wordpress\/wp-json\/wp\/v2\/pages\/75\/revisions\/659"}],"up":[{"embeddable":true,"href":"http:\/\/immortels.ca\/wordpress\/wp-json\/wp\/v2\/pages\/134"}],"wp:attachment":[{"href":"http:\/\/immortels.ca\/wordpress\/wp-json\/wp\/v2\/media?parent=75"}],"curies":[{"name":"wp","href":"https:\/\/api.w.org\/{rel}","templated":true}]}}